{"id":162,"date":"2021-08-09T18:50:50","date_gmt":"2021-08-09T18:50:50","guid":{"rendered":"http:\/\/uwg-uelsen.de\/?page_id=162"},"modified":"2021-08-29T17:05:37","modified_gmt":"2021-08-29T17:05:37","slug":"aktuelles","status":"publish","type":"page","link":"https:\/\/uwg-uelsen.de\/?page_id=162","title":{"rendered":"Aktuelles"},"content":{"rendered":"\n<h1 class=\"has-bright-blue-color has-text-color\"><strong><a href=\"https:\/\/uwg-uelsen.de\/?p=23\" data-type=\"URL\" data-id=\"https:\/\/uwg-uelsen.de\/?p=23\" target=\"_blank\" rel=\"noreferrer noopener\">Kommunalwahlen<\/a>&nbsp; am&nbsp; 12.09.2021<\/strong><\/h1>\n\n\n\n<h2><strong>Hallo Freunde und Unterst\u00fctzer der UWG Uelsen \u2013 und die, die es werden wollen<\/strong><\/h2>\n\n\n\n<p>Auch in 2021 treten wir neben CDU und SPD wieder zu den Kommunalwahlen in Uelsen, also den Wahlen der R\u00e4te der Samtgemeinde und Gemeinde, an. &nbsp;<\/p>\n\n\n\n<p>Eine gesunde Mischung aus unserer Gemeinschaft wirbt um euer Vertrauen und die Stimmen<\/p>\n\n\n\n<p>Alle freuen sich schon, auf <strong><em>DEINE<\/em><\/strong> Unterst\u00fctzung z\u00e4hlen zu k\u00f6nnen.<\/p>\n\n\n\n<p><strong>In dem Sinne \u2013 lasst es uns anpacken. Geht w\u00e4hlen &nbsp;&nbsp;&nbsp;!!!&nbsp;&nbsp; Jede Stimme z\u00e4hlt&nbsp;&nbsp; !!!<\/strong><\/p>\n\n\n\n<p>Nicht w\u00e4hlen gehen hei\u00dft Stillstand &#8211; wir stehen f\u00fcr Transparenz und offenen Umgang in einer Welt, die unseren Kindern geh\u00f6rt. Helft uns dabei, Dinge anzupacken und zu \u00e4ndern.<\/p>\n\n\n\n<h3><strong>Samtgemeinderat Listenpl\u00e4tze September 2021<\/strong><\/h3>\n\n\n\n<div class=\"wp-block-group\"><div class=\"wp-block-group__inner-container\">\n<div class=\"wp-block-group\"><div class=\"wp-block-group__inner-container\">\n<p class=\"has-bright-blue-color has-text-color\"><strong>1&nbsp;&nbsp;&nbsp;&nbsp;&nbsp;&nbsp;&nbsp;&nbsp;&nbsp;&nbsp;&nbsp;&nbsp;&nbsp;&nbsp;&nbsp;&nbsp;&nbsp;&nbsp;&nbsp;&nbsp; <a href=\"https:\/\/uwg-uelsen.de\/?page_id=2\" data-type=\"page\" data-id=\"2\">Gerd-Holger Kolde&nbsp;<\/a>&nbsp;&nbsp;&nbsp;&nbsp;&nbsp;&nbsp;&nbsp;&nbsp;&nbsp; Halle&nbsp;&nbsp;&nbsp;&nbsp;&nbsp;&nbsp;&nbsp;&nbsp;&nbsp;&nbsp;&nbsp;&nbsp;&nbsp;&nbsp;&nbsp;&nbsp;&nbsp;&nbsp;&nbsp;&nbsp;&nbsp;&nbsp;&nbsp;&nbsp; 50 Jahre<\/strong><\/p>\n\n\n\n<p class=\"has-bright-blue-color has-text-color\"><strong>2&nbsp;&nbsp;&nbsp;&nbsp;&nbsp;&nbsp;&nbsp;&nbsp;&nbsp;&nbsp;&nbsp;&nbsp;&nbsp;&nbsp;&nbsp;&nbsp;&nbsp;&nbsp;&nbsp;&nbsp; <a href=\"https:\/\/uwg-uelsen.de\/?page_id=2\" data-type=\"page\" data-id=\"2\">Andreas V\u00f6lkerink<\/a>&nbsp;&nbsp;&nbsp;&nbsp;&nbsp;&nbsp;&nbsp;&nbsp;&nbsp;&nbsp; Wilsum&nbsp;&nbsp;&nbsp;&nbsp;&nbsp;&nbsp;&nbsp;&nbsp;&nbsp;&nbsp;&nbsp;&nbsp;&nbsp;&nbsp;&nbsp;&nbsp;&nbsp;&nbsp;&nbsp;&nbsp; 50 Jahre<\/strong><\/p>\n<\/div><\/div>\n\n\n\n<p class=\"has-bright-blue-color has-text-color\"><strong>3&nbsp;&nbsp;&nbsp;&nbsp;&nbsp;&nbsp;&nbsp;&nbsp;&nbsp;&nbsp;&nbsp;&nbsp;&nbsp;&nbsp;&nbsp;&nbsp;&nbsp;&nbsp;&nbsp;&nbsp; <a href=\"https:\/\/uwg-uelsen.de\/?page_id=2\" data-type=\"page\" data-id=\"2\">Heinz-Geert Konjer<\/a>&nbsp;&nbsp;&nbsp;&nbsp;&nbsp;&nbsp;&nbsp;&nbsp;G\u00f6lenkamp&nbsp;&nbsp;&nbsp;&nbsp;&nbsp;&nbsp;&nbsp;&nbsp;&nbsp;&nbsp;&nbsp;&nbsp; 64 Jahre<\/strong><\/p>\n\n\n\n<p class=\"has-bright-blue-color has-text-color\"><strong>4&nbsp;&nbsp;&nbsp;&nbsp;&nbsp;&nbsp;&nbsp;&nbsp;&nbsp;&nbsp;&nbsp;&nbsp;&nbsp;&nbsp;&nbsp;&nbsp;&nbsp;&nbsp;&nbsp;&nbsp; <a href=\"https:\/\/uwg-uelsen.de\/?page_id=2\" data-type=\"page\" data-id=\"2\">Marco Geerties<\/a>&nbsp;&nbsp;&nbsp;&nbsp;&nbsp;&nbsp;&nbsp;&nbsp;&nbsp;&nbsp;&nbsp;&nbsp;&nbsp;&nbsp;&nbsp;&nbsp;  Wielen&nbsp;&nbsp;&nbsp;&nbsp;&nbsp;&nbsp;&nbsp;&nbsp;&nbsp;&nbsp;&nbsp;&nbsp;&nbsp;&nbsp;&nbsp;&nbsp;&nbsp;&nbsp;&nbsp;&nbsp;  39 Jahre<\/strong><\/p>\n\n\n\n<p class=\"has-bright-blue-color has-text-color\"><strong>5&nbsp;&nbsp;&nbsp;&nbsp;&nbsp;&nbsp;&nbsp;&nbsp;&nbsp;&nbsp;&nbsp;&nbsp;&nbsp;&nbsp;&nbsp;&nbsp;&nbsp;&nbsp;&nbsp;&nbsp; <a href=\"https:\/\/uwg-uelsen.de\/?page_id=2\" data-type=\"page\" data-id=\"2\">Gisa Schinkowski<\/a>&nbsp;&nbsp;&nbsp;&nbsp;&nbsp;&nbsp;&nbsp;&nbsp;&nbsp;&nbsp;&nbsp;&nbsp; Uelsen&nbsp;&nbsp;&nbsp;&nbsp;&nbsp;&nbsp;&nbsp;&nbsp;&nbsp;&nbsp;&nbsp;&nbsp;&nbsp;&nbsp;&nbsp;&nbsp;&nbsp;&nbsp;&nbsp;&nbsp;&nbsp; 34 Jahre<\/strong><\/p>\n\n\n\n<p class=\"has-bright-blue-color has-text-color\"><strong>6&nbsp;&nbsp;&nbsp;&nbsp;&nbsp;&nbsp;&nbsp;&nbsp;&nbsp;&nbsp;&nbsp;&nbsp;&nbsp;&nbsp;&nbsp;&nbsp;&nbsp;&nbsp;&nbsp;&nbsp; <a href=\"https:\/\/uwg-uelsen.de\/?page_id=2\" data-type=\"page\" data-id=\"2\">Jannes Blank<\/a>&nbsp;&nbsp;&nbsp;&nbsp;&nbsp;&nbsp;&nbsp;&nbsp;&nbsp;&nbsp;&nbsp;&nbsp;&nbsp;&nbsp;&nbsp;&nbsp;&nbsp;&nbsp;&nbsp;&nbsp;&nbsp; Uelsen&nbsp;&nbsp;&nbsp;&nbsp;&nbsp;&nbsp;&nbsp;&nbsp;&nbsp;&nbsp;&nbsp;&nbsp;&nbsp;&nbsp;&nbsp;&nbsp;&nbsp;&nbsp;&nbsp;&nbsp;&nbsp; 22 Jahre<\/strong><\/p>\n\n\n\n<p class=\"has-bright-blue-color has-text-color\"><strong>7&nbsp;&nbsp;&nbsp;&nbsp;&nbsp;&nbsp;&nbsp;&nbsp;&nbsp;&nbsp;&nbsp;&nbsp;&nbsp;&nbsp;&nbsp;&nbsp;&nbsp;&nbsp;&nbsp;&nbsp; <a href=\"https:\/\/uwg-uelsen.de\/?page_id=2\" data-type=\"page\" data-id=\"2\">Erik van der Knaap<\/a>&nbsp;&nbsp;&nbsp;&nbsp;&nbsp;&nbsp;&nbsp;&nbsp;&nbsp;&nbsp; Uelsen&nbsp;&nbsp;&nbsp;&nbsp;&nbsp;&nbsp;&nbsp;&nbsp;&nbsp;&nbsp;&nbsp;&nbsp;&nbsp;&nbsp;&nbsp;&nbsp;&nbsp;&nbsp;&nbsp;&nbsp;&nbsp; 56 Jahre<\/strong><\/p>\n\n\n\n<p class=\"has-bright-blue-color has-text-color\"><strong>8&nbsp;&nbsp;&nbsp;&nbsp;&nbsp;&nbsp;&nbsp;&nbsp;&nbsp;&nbsp;&nbsp;&nbsp;&nbsp;&nbsp;&nbsp;&nbsp;&nbsp;&nbsp;&nbsp;&nbsp; <a href=\"https:\/\/uwg-uelsen.de\/?page_id=2\" data-type=\"page\" data-id=\"2\">Friederike Klever&nbsp;<\/a>&nbsp;&nbsp;&nbsp;&nbsp;&nbsp;&nbsp;&nbsp;&nbsp;&nbsp;&nbsp;&nbsp;&nbsp; Uelsen&nbsp;&nbsp;&nbsp;&nbsp;&nbsp;&nbsp;&nbsp;&nbsp;&nbsp;&nbsp;&nbsp;&nbsp;&nbsp;&nbsp;&nbsp;&nbsp;&nbsp;&nbsp;&nbsp;&nbsp;&nbsp; 55 Jahre<\/strong><\/p>\n<\/div><\/div>\n\n\n\n<h3><strong>Gemeinderat Uelsen Listenpl\u00e4tze September 2021<\/strong><\/h3>\n\n\n\n<p class=\"has-bright-blue-color has-text-color\"><strong>1&nbsp;&nbsp;&nbsp;&nbsp;&nbsp;&nbsp;&nbsp;&nbsp;&nbsp;&nbsp;&nbsp;&nbsp;&nbsp;&nbsp;&nbsp;&nbsp;&nbsp;&nbsp;&nbsp;&nbsp; <a href=\"https:\/\/uwg-uelsen.de\/?page_id=2\" data-type=\"page\" data-id=\"2\">Gisa Schinkowski<\/a>&nbsp;&nbsp;&nbsp;&nbsp;&nbsp;&nbsp;&nbsp;&nbsp;&nbsp;&nbsp;&nbsp;&nbsp;&nbsp;&nbsp;&nbsp;&nbsp;&nbsp;&nbsp;&nbsp;&nbsp;&nbsp;&nbsp;&nbsp;&nbsp;&nbsp;&nbsp;&nbsp;&nbsp;&nbsp;&nbsp;&nbsp;&nbsp;&nbsp;&nbsp;&nbsp;&nbsp;&nbsp; &nbsp;&nbsp;&nbsp;&nbsp;&nbsp;&nbsp;&nbsp;&nbsp;&nbsp;&nbsp;&nbsp; 34 Jahre<\/strong><\/p>\n\n\n\n<p class=\"has-bright-blue-color has-text-color\"><strong>2&nbsp;&nbsp;&nbsp;&nbsp;&nbsp;&nbsp;&nbsp;&nbsp;&nbsp;&nbsp;&nbsp;&nbsp;&nbsp;&nbsp;&nbsp;&nbsp;&nbsp;&nbsp;&nbsp;&nbsp; <a href=\"https:\/\/uwg-uelsen.de\/?page_id=2\" data-type=\"page\" data-id=\"2\">Erik van der Knaap&nbsp;<\/a>&nbsp;&nbsp;&nbsp;&nbsp;&nbsp;&nbsp;&nbsp;&nbsp;&nbsp;&nbsp;&nbsp;&nbsp;&nbsp;&nbsp;&nbsp;&nbsp;&nbsp;&nbsp;&nbsp;&nbsp;&nbsp;&nbsp;&nbsp;&nbsp;&nbsp;&nbsp;&nbsp;&nbsp;&nbsp;&nbsp;&nbsp;&nbsp;&nbsp;&nbsp;&nbsp;&nbsp;&nbsp;&nbsp;&nbsp;&nbsp;&nbsp;&nbsp;&nbsp;&nbsp;&nbsp; 56 Jahre<\/strong><\/p>\n\n\n\n<p class=\"has-bright-blue-color has-text-color\"><strong>3&nbsp;&nbsp;&nbsp;&nbsp;&nbsp;&nbsp;&nbsp;&nbsp;&nbsp;&nbsp;&nbsp;&nbsp;&nbsp;&nbsp;&nbsp;&nbsp;&nbsp;&nbsp;&nbsp;&nbsp; <a href=\"https:\/\/uwg-uelsen.de\/?page_id=2\" data-type=\"page\" data-id=\"2\">Jannes Blank<\/a>&nbsp;&nbsp;&nbsp;&nbsp;&nbsp;&nbsp;&nbsp;&nbsp;&nbsp;&nbsp;&nbsp;&nbsp;&nbsp;&nbsp;&nbsp;&nbsp;&nbsp;&nbsp;&nbsp;&nbsp;&nbsp;&nbsp;&nbsp;&nbsp;&nbsp;&nbsp;&nbsp;&nbsp;&nbsp;&nbsp;&nbsp;&nbsp;&nbsp;&nbsp;&nbsp;&nbsp;&nbsp;&nbsp;&nbsp;&nbsp;&nbsp;&nbsp;&nbsp;&nbsp;&nbsp;&nbsp;&nbsp;&nbsp;&nbsp;&nbsp;&nbsp;&nbsp;&nbsp;&nbsp;&nbsp;&nbsp;&nbsp; 22 Jahre<\/strong><\/p>\n\n\n\n<p class=\"has-bright-blue-color has-text-color\"><strong>4\u00a0\u00a0\u00a0\u00a0\u00a0\u00a0\u00a0\u00a0\u00a0\u00a0\u00a0\u00a0\u00a0\u00a0\u00a0\u00a0\u00a0\u00a0\u00a0\u00a0<a href=\"https:\/\/uwg-uelsen.de\/?page_id=2\" data-type=\"page\" data-id=\"2\"> Joachim Gers\u00a0<\/a>\u00a0\u00a0\u00a0\u00a0\u00a0\u00a0\u00a0\u00a0\u00a0\u00a0\u00a0\u00a0\u00a0\u00a0\u00a0\u00a0\u00a0\u00a0\u00a0\u00a0\u00a0\u00a0\u00a0\u00a0\u00a0\u00a0\u00a0\u00a0\u00a0\u00a0\u00a0\u00a0\u00a0\u00a0\u00a0\u00a0\u00a0\u00a0\u00a0\u00a0\u00a0\u00a0\u00a0\u00a0\u00a0\u00a0\u00a0\u00a0\u00a0\u00a0\u00a0\u00a0\u00a0\u00a0\u00a0 54 Jahre<\/strong><\/p>\n\n\n\n<p class=\"has-bright-blue-color has-text-color\"><strong>5&nbsp;&nbsp;&nbsp;&nbsp;&nbsp;&nbsp;&nbsp;&nbsp;&nbsp;&nbsp;&nbsp;&nbsp;&nbsp;&nbsp;&nbsp;&nbsp;&nbsp;&nbsp;&nbsp;&nbsp; <a href=\"https:\/\/uwg-uelsen.de\/?page_id=2\" data-type=\"page\" data-id=\"2\">Friederike Klever<\/a>&nbsp;&nbsp;&nbsp;&nbsp;&nbsp;&nbsp;&nbsp;&nbsp;&nbsp;&nbsp;&nbsp;&nbsp;&nbsp;&nbsp;&nbsp;&nbsp;&nbsp;&nbsp;&nbsp;&nbsp;&nbsp;&nbsp;&nbsp;&nbsp;&nbsp;&nbsp;&nbsp;&nbsp;&nbsp;&nbsp;&nbsp;&nbsp;&nbsp;&nbsp;&nbsp;&nbsp; &nbsp;&nbsp;&nbsp;&nbsp;&nbsp;&nbsp;&nbsp;&nbsp;&nbsp;&nbsp;&nbsp; 55 Jahre<\/strong><\/p>\n","protected":false},"excerpt":{"rendered":"<p>Kommunalwahlen&nbsp; am&nbsp; 12.09.2021 Hallo Freunde und Unterst\u00fctzer der UWG Uelsen \u2013 und die, die es werden wollen Auch in 2021 treten wir neben CDU und SPD wieder zu den Kommunalwahlen in Uelsen, also den Wahlen der R\u00e4te der Samtgemeinde und Gemeinde, an. &nbsp; Eine gesunde Mischung aus unserer Gemeinschaft wirbt um euer Vertrauen und die &hellip; <a href=\"https:\/\/uwg-uelsen.de\/?page_id=162\" class=\"more-link\"><span class=\"screen-reader-text\">&#8222;Aktuelles&#8220; <\/span>weiterlesen<\/a><\/p>\n","protected":false},"author":3,"featured_media":0,"parent":0,"menu_order":0,"comment_status":"closed","ping_status":"closed","template":"","meta":[],"_links":{"self":[{"href":"https:\/\/uwg-uelsen.de\/index.php?rest_route=\/wp\/v2\/pages\/162"}],"collection":[{"href":"https:\/\/uwg-uelsen.de\/index.php?rest_route=\/wp\/v2\/pages"}],"about":[{"href":"https:\/\/uwg-uelsen.de\/index.php?rest_route=\/wp\/v2\/types\/page"}],"author":[{"embeddable":true,"href":"https:\/\/uwg-uelsen.de\/index.php?rest_route=\/wp\/v2\/users\/3"}],"replies":[{"embeddable":true,"href":"https:\/\/uwg-uelsen.de\/index.php?rest_route=%2Fwp%2Fv2%2Fcomments&post=162"}],"version-history":[{"count":20,"href":"https:\/\/uwg-uelsen.de\/index.php?rest_route=\/wp\/v2\/pages\/162\/revisions"}],"predecessor-version":[{"id":304,"href":"https:\/\/uwg-uelsen.de\/index.php?rest_route=\/wp\/v2\/pages\/162\/revisions\/304"}],"wp:attachment":[{"href":"https:\/\/uwg-uelsen.de\/index.php?rest_route=%2Fwp%2Fv2%2Fmedia&parent=162"}],"curies":[{"name":"wp","href":"https:\/\/api.w.org\/{rel}","templated":true}]}}