{"id":21,"date":"2016-08-07T21:17:13","date_gmt":"2016-08-07T21:17:13","guid":{"rendered":"http:\/\/uwg-uelsen.de\/?page_id=21"},"modified":"2016-08-09T20:03:24","modified_gmt":"2016-08-09T20:03:24","slug":"test","status":"publish","type":"page","link":"https:\/\/uwg-uelsen.de\/?page_id=21","title":{"rendered":"Ziele"},"content":{"rendered":"<h2>Ergebnisoffene \u00f6ffentliche Diskussion<\/h2>\n<p>Wir haben unterschiedliche Hintergr\u00fcnde und\u00a0individuelle\u00a0Sichtweisen. Deshalb diskutieren wir offen und h\u00f6ren uns verschiedene\u00a0Argumente an. Nur so finden wir die beste L\u00f6sung f\u00fcr Uelsen.<\/p>\n<p>Wir fordern, dass Themen als \u00f6ffentliche \u2013 statt nicht\u00f6ffentliche \u2013 Tagesordnungspunkte beraten werden \u2013 au\u00dfer wenn dem besondere private Belange Einzelner entgegenstehen.<\/p>\n<p>Wir fordern mehr Anh\u00f6rungen von Sachverst\u00e4ndigen und Einwohnerfragestunden in den Sitzungen.<\/p>\n<p>Wir fragen uns, warum es Vorbesprechungen und Fraktionssitzungen geben muss, die dazu f\u00fchren, dass in den \u00f6ffentlichen Sitzungen nur noch die Hand gehoben wird.<\/p>\n<h2>Ideen f\u00fcr die Zukunft<\/h2>\n<p>Wir fordern, dass die Fachaussch\u00fcsse,\u00a0die sich mit\u00a0Wirtschaft,\u00a0Tourismus,\u00a0 Jugend,\u00a0Senioren, Sport und Kultur befassen sollen, auch dann tagen, wenn keine konkreten Beschl\u00fcsse zu fassen sind &#8211; um Ideen f\u00fcr die Zukunft zu entwickeln, die Uelsen voranbringen und vorbereiten auf zuk\u00fcnftige Aufgaben.<\/p>\n<h2>B\u00fcrger k\u00f6nnen die Samtgemeinde und Uelsen ver\u00e4ndern \u2013 auch ohne Politik<\/h2>\n<p>Wir setzen auf die Bereitschaft tatkr\u00e4ftiger Mitb\u00fcrger, etwas ver\u00e4ndern zu wollen. Mit guten Ideen und Muskelkraft kann\u00a0es bei uns noch sch\u00f6ner werden. Das Rathaus soll hier &#8211; st\u00e4rker als bisher &#8211; Anlaufstelle sein.<\/p>\n<blockquote><p><span style=\"color: #993300;\">Wir sch\u00e4tzen die\u00a0geleistete Arbeit der Ehrenamtlichen: (alphabetisch) AWO, Bronzezeithof, DRK, Feuerwehren, Heimatvereine, Kirchengemeinden, J\u00e4ger, Landfrauen, Landjugend, Musizierende, Sch\u00fctzenverein und IV. Kompanie, Sportvereine, Rotarier, UJK (UJT), VVV, Werbegemeinschaft, Zuchtvereine und die, die wir hier vergessen haben.<\/span><\/p><\/blockquote>\n<h2>Konkrete Anliegen<\/h2>\n<p>Zu Fragen der Ortsentwicklung, Gewerbeansiedlung, Landwirtschaft, Tourismusf\u00f6rderung, etc. haben wir &#8211; wie sollte es auch anders sein &#8211; teilweise unterschiedliche Meinungen. Wir stehen dazu. Deshalb sind die Beitr\u00e4ge zu den Themen unten auch immer Einzelmeinungen unserer Mitglieder. Was meinen Sie ? Wir freuen uns auf Ihre Kommentare.<\/p>\n","protected":false},"excerpt":{"rendered":"<p>Ergebnisoffene \u00f6ffentliche Diskussion Wir haben unterschiedliche Hintergr\u00fcnde und\u00a0individuelle\u00a0Sichtweisen. Deshalb diskutieren wir offen und h\u00f6ren uns verschiedene\u00a0Argumente an. Nur so finden wir die beste L\u00f6sung f\u00fcr Uelsen. Wir fordern, dass Themen als \u00f6ffentliche \u2013 statt nicht\u00f6ffentliche \u2013 Tagesordnungspunkte beraten werden \u2013 au\u00dfer wenn dem besondere private Belange Einzelner entgegenstehen. Wir fordern mehr Anh\u00f6rungen von Sachverst\u00e4ndigen und &hellip; <a href=\"https:\/\/uwg-uelsen.de\/?page_id=21\" class=\"more-link\"><span class=\"screen-reader-text\">&#8222;Ziele&#8220; <\/span>weiterlesen<\/a><\/p>\n","protected":false},"author":2,"featured_media":0,"parent":0,"menu_order":1,"comment_status":"closed","ping_status":"closed","template":"","meta":[],"_links":{"self":[{"href":"https:\/\/uwg-uelsen.de\/index.php?rest_route=\/wp\/v2\/pages\/21"}],"collection":[{"href":"https:\/\/uwg-uelsen.de\/index.php?rest_route=\/wp\/v2\/pages"}],"about":[{"href":"https:\/\/uwg-uelsen.de\/index.php?rest_route=\/wp\/v2\/types\/page"}],"author":[{"embeddable":true,"href":"https:\/\/uwg-uelsen.de\/index.php?rest_route=\/wp\/v2\/users\/2"}],"replies":[{"embeddable":true,"href":"https:\/\/uwg-uelsen.de\/index.php?rest_route=%2Fwp%2Fv2%2Fcomments&post=21"}],"version-history":[{"count":11,"href":"https:\/\/uwg-uelsen.de\/index.php?rest_route=\/wp\/v2\/pages\/21\/revisions"}],"predecessor-version":[{"id":105,"href":"https:\/\/uwg-uelsen.de\/index.php?rest_route=\/wp\/v2\/pages\/21\/revisions\/105"}],"wp:attachment":[{"href":"https:\/\/uwg-uelsen.de\/index.php?rest_route=%2Fwp%2Fv2%2Fmedia&parent=21"}],"curies":[{"name":"wp","href":"https:\/\/api.w.org\/{rel}","templated":true}]}}