{"id":90,"date":"2016-08-09T16:10:41","date_gmt":"2016-08-09T16:10:41","guid":{"rendered":"http:\/\/uwg-uelsen.de\/?page_id=90"},"modified":"2016-08-15T05:38:17","modified_gmt":"2016-08-15T05:38:17","slug":"beschluesse-in-den-raeten-und-ausschuessen","status":"publish","type":"page","link":"https:\/\/uwg-uelsen.de\/?page_id=90","title":{"rendered":"R\u00e4te und Aussch\u00fcsse"},"content":{"rendered":"<h2>Rats- und B\u00fcrgerinformationssystem<\/h2>\n<p>Wir verweisen hier auf das Rats- und B\u00fcrgerinformationssystem. Hier kann jeder B\u00fcrger \u2013 auch Sie &#8211; einsehen, was f\u00fcr\u00a0\u00f6ffentliche Tagesordungspunkte geplant sind und was in der Vergangenheit besprochen und entschieden wurde. Klicken Sie auf:<\/p>\n<p><a href=\"https:\/\/uelsen.more-rubin1.de\/\">https:\/\/uelsen.more-rubin1.de\/<\/a><\/p>\n<p>Zur Zeit sind wir in folgenden Gremien vertreten:<\/p>\n<h2>Gemeinderat Uelsen<\/h2>\n<h6>Friederike Klever<\/h6>\n<ul>\n<li>Gemeinderat (Einzelmandat)<\/li>\n<li>Bau- und Planungsausschuss (Grundmandat*)<\/li>\n<li>Verwaltungsausschuss (nur Zuh\u00f6rer**)<\/li>\n<\/ul>\n<h2>Samtgemeinderat Uelsen<\/h2>\n<h6>Friederike Klever in der Samtgemeinde Uelsen:<\/h6>\n<ul>\n<li>Samtgemeinderat (Fraktionsvorsitzende)<\/li>\n<li>Planungs- und Umweltausschuss<\/li>\n<li>Feuerschutzausschuss<\/li>\n<li>Ausschuss f\u00fcr Soziales, Jugend, Senioren und Kultur<\/li>\n<li>Verbandsversammlung\u00a0Musikschule Niedergrafschaft<\/li>\n<\/ul>\n<h6>Geert Vrielmann in der Samtgemeinde Uelsen:<\/h6>\n<ul>\n<li>Samtgemeindeausschuss (Grundmandat*)<\/li>\n<li>Schulausschuss<\/li>\n<li>Auschuss f\u00fcr Finanzen, Wirtschaft und Tourismus<\/li>\n<\/ul>\n<p>* Grundmandat bedeutet ohne Stimmrecht, jedoch beratend &#8211; mit Rederecht<\/p>\n<p>** Die Sitze in den Aussch\u00fcssen werden nach Sitzverteilung\u00a0verteilt. Im Gemeinderat Uelsen hat die UWG nur einen Sitz und ist nicht im wichtigen Verwaltungsausschuss vertreten. Jedoch darf jedes Ratsmitglied in allen Aussch\u00fcssen\u00a0Zuh\u00f6rer sein &#8211; ohne Rederecht. Friederike Klever nimmt von diesem Recht Gebrauch und geht zu den Verwaltungsausschusssitzungen.<\/p>\n<p>Neben der politischen Arbeit setzen\u00a0wir uns auch privat oder beruflich f\u00fcr die Samtgemeinde und f\u00fcr Uelsen ein. Es\u00a0ist uns wichtig, da wir nicht nur Politiker sind.<\/p>\n","protected":false},"excerpt":{"rendered":"<p>Rats- und B\u00fcrgerinformationssystem Wir verweisen hier auf das Rats- und B\u00fcrgerinformationssystem. Hier kann jeder B\u00fcrger \u2013 auch Sie &#8211; einsehen, was f\u00fcr\u00a0\u00f6ffentliche Tagesordungspunkte geplant sind und was in der Vergangenheit besprochen und entschieden wurde. Klicken Sie auf: https:\/\/uelsen.more-rubin1.de\/ Zur Zeit sind wir in folgenden Gremien vertreten: Gemeinderat Uelsen Friederike Klever Gemeinderat (Einzelmandat) Bau- und Planungsausschuss &hellip; <a href=\"https:\/\/uwg-uelsen.de\/?page_id=90\" class=\"more-link\"><span class=\"screen-reader-text\">&#8222;R\u00e4te und Aussch\u00fcsse&#8220; <\/span>weiterlesen<\/a><\/p>\n","protected":false},"author":3,"featured_media":0,"parent":0,"menu_order":0,"comment_status":"closed","ping_status":"closed","template":"","meta":[],"_links":{"self":[{"href":"https:\/\/uwg-uelsen.de\/index.php?rest_route=\/wp\/v2\/pages\/90"}],"collection":[{"href":"https:\/\/uwg-uelsen.de\/index.php?rest_route=\/wp\/v2\/pages"}],"about":[{"href":"https:\/\/uwg-uelsen.de\/index.php?rest_route=\/wp\/v2\/types\/page"}],"author":[{"embeddable":true,"href":"https:\/\/uwg-uelsen.de\/index.php?rest_route=\/wp\/v2\/users\/3"}],"replies":[{"embeddable":true,"href":"https:\/\/uwg-uelsen.de\/index.php?rest_route=%2Fwp%2Fv2%2Fcomments&post=90"}],"version-history":[{"count":7,"href":"https:\/\/uwg-uelsen.de\/index.php?rest_route=\/wp\/v2\/pages\/90\/revisions"}],"predecessor-version":[{"id":147,"href":"https:\/\/uwg-uelsen.de\/index.php?rest_route=\/wp\/v2\/pages\/90\/revisions\/147"}],"wp:attachment":[{"href":"https:\/\/uwg-uelsen.de\/index.php?rest_route=%2Fwp%2Fv2%2Fmedia&parent=90"}],"curies":[{"name":"wp","href":"https:\/\/api.w.org\/{rel}","templated":true}]}}